{"id":1725,"date":"2022-11-18T16:09:09","date_gmt":"2022-11-18T16:09:09","guid":{"rendered":"https:\/\/www.medialiteracyireland.ie\/judging\/"},"modified":"2026-07-27T12:27:21","modified_gmt":"2026-07-27T11:27:21","slug":"judging","status":"publish","type":"page","link":"https:\/\/www.medialiteracyireland.ie\/ga\/awards\/judging\/","title":{"rendered":"Pain\u00e9al na Molt\u00f3ir\u00ed"},"content":{"rendered":"\r\n<!--#section-highlight\" -->\r\n<section class=\"section-highlight py-4 py-lg-5 mb-lg-4\">\r\n\t<div class=\"container px-0 px-lg-3\">\r\n\t\t<div class=\"row g-0\">\r\n\t\t\t<div class=\"col-12 col-lg-7 \">\r\n\t\t\t\t<div class=\"section-highlight-content bg-color-purple px-4 px-lg-5 py-4 py-lg-5\">\r\n\t\t\t\t\t<div class=\"px-lg-3 pt-lg-4\">\r\n\t\t\t\t\t\t<h2><strong>Pain\u00e9al na Molt\u00f3ir\u00ed<\/strong><\/h2>\n<p><span style=\"font-weight: 400;\">Cuirfear foireann molt\u00f3ireachta le ch\u00e9ile a bheidh comhdh\u00e9anta de thri\u00far, idir bhaill \u00f3n LM\u00c9, agus saineolaithe neamhsple\u00e1cha ar an LM\u00c9, do gach gradam. D\u00e9anfar an mholt\u00f3ireacht ar l\u00edne tr\u00ed chruinni\u00fa ar Zoom. <\/span><\/p>\n<p><span style=\"font-weight: 400;\">N\u00ed cheada\u00edtear do mholt\u00f3ir\u00ed iontr\u00e1il a chur isteach ar an gcatag\u00f3ir a bhfuil molt\u00f3ireacht \u00e1 d\u00e9anamh acu f\u00e9in air, n\u00e1 a bheith bainteach le hainmni\u00fach\u00e1n don chatag\u00f3ir a bhfuil siad ag d\u00e9anamh molt\u00f3ireachta air.<\/span><\/p>\n<p><span style=\"font-weight: 400;\">D\u00e9anfar meas\u00fan\u00fa ar gach catag\u00f3ir gradaim faoi na crit\u00e9ir at\u00e1 leagtha amach th\u00edos agus f\u00e9adfar ual\u00fa a chur i bhfeidhm ar roinnt crit\u00e9ar, ag brath ar an gcatag\u00f3ir. <\/span><\/p>\n<p><span style=\"font-weight: 400;\">Is cinneadh cr\u00edochnaitheach \u00e9 cinneadh an Phain\u00e9il Molt\u00f3ireachta.M\u00e1s mian leat a bheith san \u00e1ireamh don Phain\u00e9al Molt\u00f3ireachta, seol r\u00edomhphost chuig <a href=\"mailto:info@medialiteracyireland.ie\">info@medialiteracyireland.ie<\/a><\/span><\/p>\n<figure id=\"attachment_4195\" aria-describedby=\"caption-attachment-4195\" style=\"width: 405px\" class=\"wp-caption alignnone\"><img loading=\"lazy\" decoding=\"async\" class=\"size-medium wp-image-4195\" src=\"https:\/\/www.medialiteracyireland.ie\/wp-content\/uploads\/2024\/07\/judging-2-405x270.jpg\" alt=\"\" width=\"405\" height=\"270\" srcset=\"https:\/\/www.medialiteracyireland.ie\/wp-content\/uploads\/2024\/07\/judging-2-405x270.jpg 405w, https:\/\/www.medialiteracyireland.ie\/wp-content\/uploads\/2024\/07\/judging-2-1024x683.jpg 1024w, https:\/\/www.medialiteracyireland.ie\/wp-content\/uploads\/2024\/07\/judging-2-768x512.jpg 768w, https:\/\/www.medialiteracyireland.ie\/wp-content\/uploads\/2024\/07\/judging-2-1536x1024.jpg 1536w, https:\/\/www.medialiteracyireland.ie\/wp-content\/uploads\/2024\/07\/judging-2-2048x1365.jpg 2048w\" sizes=\"auto, (max-width: 405px) 100vw, 405px\" \/><figcaption id=\"caption-attachment-4195\" class=\"wp-caption-text\">Na molt\u00f3ir\u00ed ag d\u00e9anamh athbhreithnithe ar iontr\u00e1lacha Gradaim LM\u00c9 2023<\/figcaption><\/figure>\n<h1>Inch\u00e1ilitheacht<\/h1>\n<p><strong>Catag\u00f3ir Ghradaim 1: An Tionscnamh Litearthachta Me\u00e1n Is Fearr a Dh\u00edr\u00edonn ar Dhaoine \u00d3ga<\/strong><\/p>\n<p>N\u00ed fol\u00e1ir n\u00f3 gur dh\u00edrigh an tionscnamh seo ar leana\u00ed n\u00f3 ar dhaoine \u00f3ga faoi 18 mbliana d\u2019aois, at\u00e1 ina gc\u00f3na\u00ed ar oile\u00e1n na h\u00c9ireann.<\/p>\n<p>N\u00ed fol\u00e1ir n\u00f3 gur chabhraigh an tionscnamh cumhacht a thabhairt don spriocghr\u00fapa chun scileanna, eolas agus\/n\u00f3 cumais a fhorbairt chun gur f\u00e9idir leo roghanna feasacha a dh\u00e9anamh maidir leis an \u00e1bhar agus na seirbh\u00eds\u00ed me\u00e1n a \u00fas\u00e1ideann siad, a chrutha\u00edonn siad agus a scaipeann siad gach l\u00e1.<\/p>\n<p>N\u00edl tionscadail n\u00f3 tionscnaimh a bhain gradam LM\u00c9 amach roimhe seo inch\u00e1ilithe.<\/p>\n<p><strong>Catag\u00f3ir Ghradaim 2<\/strong>: An Tionscnamh Litearthachta Me\u00e1n is Fearr a dh\u00edr\u00edonn ar dhaoine scothaosta<\/p>\n<p>N\u00ed fol\u00e1ir n\u00f3 gur dh\u00edrigh an tionscnamh seo ar dhaoine at\u00e1 65 bliain d\u2019aois n\u00f3 os a chionn, at\u00e1 ina gc\u00f3na\u00ed ar oile\u00e1n na h\u00c9ireann.<\/p>\n<p>N\u00ed fol\u00e1ir n\u00f3 gur chabhraigh an tionscnamh cumhacht a thabhairt don spriocghr\u00fapa chun scileanna, eolas agus\/n\u00f3 cumais a fhorbairt chun gur f\u00e9idir leo roghanna feasacha a dh\u00e9anamh maidir leis an \u00e1bhar agus na seirbh\u00eds\u00ed me\u00e1n a \u00fas\u00e1ideann siad, a chrutha\u00edonn siad agus a scaipeann siad gach l\u00e1.<\/p>\n<p>N\u00edl tionscadail n\u00f3 tionscnaimh a bhain gradam LM\u00c9 amach roimhe seo inch\u00e1ilithe.<\/p>\n<p><strong>Catag\u00f3ir Ghradaim 3<\/strong>: An Tionscnamh Litearthachta Me\u00e1n Pobalbhunaithe is Fearr<\/p>\n<p>N\u00ed fol\u00e1ir n\u00f3 gur dh\u00edrigh an tionscnamh seo ar dhaoine at\u00e1 ina gc\u00f3na\u00ed i bpobal (t\u00edreola\u00edoch n\u00f3 i bpobal comhleasa), ar oile\u00e1n na h\u00c9ireann.<\/p>\n<p>N\u00ed fol\u00e1ir n\u00f3 gur chabhraigh an tionscnamh cumhacht a thabhairt don spriocghr\u00fapa chun scileanna, eolas agus\/n\u00f3 cumais a fhorbairt chun gur f\u00e9idir leo roghanna feasacha a dh\u00e9anamh maidir leis an \u00e1bhar agus na seirbh\u00eds\u00ed me\u00e1n a \u00fas\u00e1ideann siad, a chrutha\u00edonn siad agus a scaipeann siad gach l\u00e1.<\/p>\n<p>N\u00edl tionscadail n\u00f3 tionscnaimh a bhain gradam LM\u00c9 amach roimhe seo inch\u00e1ilithe.<\/p>\n<p><strong>Catag\u00f3ir Ghradaim 4<\/strong>: An Tionscnamh Litearthachta Me\u00e1n Ginear\u00e1lta is Fearr<\/p>\n<p>N\u00ed fol\u00e1ir n\u00f3 gur chabhraigh an tionscnamh (go d\u00edreach n\u00f3 go hind\u00edreach) cumhacht a thabhairt do dhaoine at\u00e1 ina gc\u00f3na\u00ed ar oile\u00e1n na h\u00c9ireann scileanna, eolas agus\/n\u00f3 cumais a fhorbairt chun gur f\u00e9idir leo roghanna feasacha a dh\u00e9anamh faoi \u00e1bhar agus seirbh\u00eds\u00ed na me\u00e1n a \u00fas\u00e1ideann siad, a chrutha\u00edonn siad agus a scaipeann siad gach l\u00e1.<\/p>\n<p>N\u00edl tionscadail n\u00f3 tionscnaimh a bhain gradam LM\u00c9 amach roimhe seo inch\u00e1ilithe.<\/p>\n<p><strong>Catag\u00f3ir Ghradaim 5<\/strong>: An Tionscnamh Litearthachta Me\u00e1n M\u00f3rsc\u00e1la is Fearr<\/p>\n<p>N\u00ed fol\u00e1ir n\u00f3 gur chabhraigh an tionscnamh (go d\u00edreach n\u00f3 go hind\u00edreach) cumhacht a thabhairt do dhaoine at\u00e1 ina gc\u00f3na\u00ed ar oile\u00e1n na h\u00c9ireann scileanna, eolas agus\/n\u00f3 cumais a fhorbairt chun gur f\u00e9idir leo roghanna feasacha a dh\u00e9anamh faoi \u00e1bhar agus seirbh\u00eds\u00ed na me\u00e1n a \u00fas\u00e1ideann siad, a chrutha\u00edonn siad agus a scaipeann siad gach l\u00e1.<\/p>\n<p>N\u00ed m\u00f3r don tionscnamh ceann de na crit\u00e9ir a leanas a chomhl\u00edonadh:<\/p>\n<ul>\n<li>A bheith \u00e1 chur ar f\u00e1il ar leibh\u00e9al n\u00e1isi\u00fanta; n\u00f3<\/li>\n<li>A bheith ina thr\u00ed\u00fa (n\u00f3 n\u00edos m\u00f3) bliain as a ch\u00e9ile; n\u00f3<\/li>\n<li>A bheith ag feidhmi\u00fa ar bhuis\u00e9ad os cionn \u20ac75,000 sa bhliain.<\/li>\n<\/ul>\n<p>N\u00edl tionscadail n\u00f3 tionscnaimh a bhain gradam LM\u00c9 amach roimhe seo inch\u00e1ilithe.<\/p>\n<p><strong>Catag\u00f3ir Ghradaim 6<\/strong>: An Tionscnamh Litearthachta Me\u00e1n Chumars\u00e1ide is Fearr faoi Sti\u00fair na Me\u00e1n<\/p>\n<p>N\u00ed fol\u00e1ir n\u00f3 gur thug eagra\u00edocht, gairm\u00ed n\u00f3 comhshaothar na me\u00e1n seo taca\u00edocht rialta d\u2019obair LM\u00c9 agus\/n\u00f3 gur cuireadh teachtaireachta\u00ed litearthachta sna me\u00e1in chun cinn tr\u00edna gcain\u00e9il, tr\u00ed mhodh cumhachtaithe agus suimi\u00fail, do dhaoine at\u00e1 ina gc\u00f3na\u00ed ar oile\u00e1n na h\u00c9ireann.<\/p>\n<p>N\u00edl tionscadail n\u00f3 tionscnaimh a bhain gradam LM\u00c9 amach roimhe seo inch\u00e1ilithe.<\/p>\n<h2>Crit\u00e9ir<\/h2>\n<p>Is iad seo a leanas na crit\u00e9ir mheas\u00fanaithe maidir leis an bpr\u00f3iseas molt\u00f3ireachta:<\/p>\n<ul>\n<li>Crit\u00e9ar 1: Cumhacht\u00fa an Spriocghr\u00fapa le scileanna LM\u00c9 (C3, 4, 6, 7, 8)<\/li>\n<li>Crit\u00e9ar 2: Tionchar Tionscadail (C. 6, 8)<\/li>\n<li>Crit\u00e9ar 3: Cuimsi\u00fa (C.9)<\/li>\n<li>Crit\u00e9ar 4: Cur Chuige maidir le Comhoibri\u00fa (C.10)<\/li>\n<li>Crit\u00e9ar 5: Cur Chuige maidir le Nu\u00e1la\u00edocht (C.4)<\/li>\n<li>Crit\u00e9ar 6: An Pr\u00f3iseas Meast\u00f3ireachta. Baineann an crit\u00e9ar seo leis an bpr\u00f3iseas meast\u00f3ireachta, in ionad tortha\u00ed an tionscadail. (C.12)<\/li>\n<\/ul>\n<h1><\/h1>\n<h1><\/h1>\n\t\t\t\t\t\t\r\n\t\t\t\t\t\t\t\t\t\t\t<\/div>\r\n\t\t\t\t<\/div>\r\n\t\t\t<\/div>\r\n\t\t\t<div class=\"col-12 col-lg-2 \">\r\n\t\t\t\t<div class=\"h-100 bg-color-purple\">\r\n\t\t\t\t\t\r\n\t\t\t\t<\/div>\r\n\t\t\t<\/div>\r\n\t\t\t<div class=\"col-12 col-lg-3 \">\r\n\t\t\t\t<div class=\"section-highlight-img-container   position-relative h-100\">\r\n\t\t\t\t\t\r\n\t\t\t\t\t\r\n\t\t\t\t\t\t\t\t\t\t\t\t\r\n\t\t\t\t\t\t\t<img decoding=\"async\" class=\"section-highlight-img wow fadeInRight\" src=\"https:\/\/www.medialiteracyireland.ie\/wp-content\/uploads\/2022\/11\/MLI-Awards-Logo-dark-bg.png\" alt=\"\" \/>\r\n\t\t\t\t\t\r\n\t\t\t\t\t\t\t\t\t\t\r\n\t\t\t\t\t\r\n\t\t\t\t\t<div class=\"section-highlight-img-mobile-bg bg-color-purple d-block d-lg-none\"><\/div>\r\n\t\t\t\t<\/div>\r\n\t\t\t<\/div>\t\t\t\t\r\n\t\t<\/div>\r\n\t\t\r\n\t<\/div>\r\n<\/section>\r\n","protected":false},"excerpt":{"rendered":"","protected":false},"author":3,"featured_media":0,"parent":1726,"menu_order":43,"comment_status":"closed","ping_status":"closed","template":"","meta":{"_acf_changed":false,"footnotes":""},"class_list":["post-1725","page","type-page","status-publish","hentry"],"acf":[],"yoast_head":"<!-- This site is optimized with the Yoast SEO plugin v28.4 - https:\/\/yoast.com\/product\/yoast-seo-wordpress\/ -->\n<title>Pain\u00e9al na Molt\u00f3ir\u00ed - Media Literacy Ireland<\/title>\n<meta name=\"robots\" content=\"index, follow, max-snippet:-1, max-image-preview:large, max-video-preview:-1\" \/>\n<link rel=\"canonical\" href=\"https:\/\/www.medialiteracyireland.ie\/ga\/awards\/judging\/\" \/>\n<meta property=\"og:locale\" content=\"ga_IE\" \/>\n<meta property=\"og:type\" content=\"article\" \/>\n<meta property=\"og:title\" content=\"Pain\u00e9al na Molt\u00f3ir\u00ed - Media Literacy Ireland\" \/>\n<meta property=\"og:url\" content=\"https:\/\/www.medialiteracyireland.ie\/ga\/awards\/judging\/\" \/>\n<meta property=\"og:site_name\" content=\"Media Literacy Ireland\" \/>\n<meta property=\"article:modified_time\" content=\"2026-07-27T11:27:21+00:00\" \/>\n<meta name=\"twitter:card\" content=\"summary_large_image\" \/>\n<script type=\"application\/ld+json\" class=\"yoast-schema-graph\">{\"@context\":\"https:\\\/\\\/schema.org\",\"@graph\":[{\"@type\":\"WebPage\",\"@id\":\"https:\\\/\\\/www.medialiteracyireland.ie\\\/ga\\\/awards\\\/judging\\\/\",\"url\":\"https:\\\/\\\/www.medialiteracyireland.ie\\\/ga\\\/awards\\\/judging\\\/\",\"name\":\"Pain\u00e9al na Molt\u00f3ir\u00ed - Media Literacy Ireland\",\"isPartOf\":{\"@id\":\"https:\\\/\\\/www.medialiteracyireland.ie\\\/#website\"},\"datePublished\":\"2022-11-18T16:09:09+00:00\",\"dateModified\":\"2026-07-27T11:27:21+00:00\",\"breadcrumb\":{\"@id\":\"https:\\\/\\\/www.medialiteracyireland.ie\\\/ga\\\/awards\\\/judging\\\/#breadcrumb\"},\"inLanguage\":\"ga-IE\",\"potentialAction\":[{\"@type\":\"ReadAction\",\"target\":[\"https:\\\/\\\/www.medialiteracyireland.ie\\\/ga\\\/awards\\\/judging\\\/\"]}]},{\"@type\":\"BreadcrumbList\",\"@id\":\"https:\\\/\\\/www.medialiteracyireland.ie\\\/ga\\\/awards\\\/judging\\\/#breadcrumb\",\"itemListElement\":[{\"@type\":\"ListItem\",\"position\":1,\"name\":\"Home\",\"item\":\"https:\\\/\\\/www.medialiteracyireland.ie\\\/\"},{\"@type\":\"ListItem\",\"position\":2,\"name\":\"Maidir leis na Gradaim\",\"item\":\"https:\\\/\\\/www.medialiteracyireland.ie\\\/ga\\\/awards\\\/\"},{\"@type\":\"ListItem\",\"position\":3,\"name\":\"Pain\u00e9al na Molt\u00f3ir\u00ed\"}]},{\"@type\":\"WebSite\",\"@id\":\"https:\\\/\\\/www.medialiteracyireland.ie\\\/#website\",\"url\":\"https:\\\/\\\/www.medialiteracyireland.ie\\\/\",\"name\":\"Media Literacy Ireland\",\"description\":\"An informal alliance working together to promote media literacy in Ireland.\",\"potentialAction\":[{\"@type\":\"SearchAction\",\"target\":{\"@type\":\"EntryPoint\",\"urlTemplate\":\"https:\\\/\\\/www.medialiteracyireland.ie\\\/?s={search_term_string}\"},\"query-input\":{\"@type\":\"PropertyValueSpecification\",\"valueRequired\":true,\"valueName\":\"search_term_string\"}}],\"inLanguage\":\"ga-IE\"}]}<\/script>\n<!-- \/ Yoast SEO plugin. -->","yoast_head_json":{"title":"Pain\u00e9al na Molt\u00f3ir\u00ed - Media Literacy Ireland","robots":{"index":"index","follow":"follow","max-snippet":"max-snippet:-1","max-image-preview":"max-image-preview:large","max-video-preview":"max-video-preview:-1"},"canonical":"https:\/\/www.medialiteracyireland.ie\/ga\/awards\/judging\/","og_locale":"ga_IE","og_type":"article","og_title":"Pain\u00e9al na Molt\u00f3ir\u00ed - Media Literacy Ireland","og_url":"https:\/\/www.medialiteracyireland.ie\/ga\/awards\/judging\/","og_site_name":"Media Literacy Ireland","article_modified_time":"2026-07-27T11:27:21+00:00","twitter_card":"summary_large_image","schema":{"@context":"https:\/\/schema.org","@graph":[{"@type":"WebPage","@id":"https:\/\/www.medialiteracyireland.ie\/ga\/awards\/judging\/","url":"https:\/\/www.medialiteracyireland.ie\/ga\/awards\/judging\/","name":"Pain\u00e9al na Molt\u00f3ir\u00ed - Media Literacy Ireland","isPartOf":{"@id":"https:\/\/www.medialiteracyireland.ie\/#website"},"datePublished":"2022-11-18T16:09:09+00:00","dateModified":"2026-07-27T11:27:21+00:00","breadcrumb":{"@id":"https:\/\/www.medialiteracyireland.ie\/ga\/awards\/judging\/#breadcrumb"},"inLanguage":"ga-IE","potentialAction":[{"@type":"ReadAction","target":["https:\/\/www.medialiteracyireland.ie\/ga\/awards\/judging\/"]}]},{"@type":"BreadcrumbList","@id":"https:\/\/www.medialiteracyireland.ie\/ga\/awards\/judging\/#breadcrumb","itemListElement":[{"@type":"ListItem","position":1,"name":"Home","item":"https:\/\/www.medialiteracyireland.ie\/"},{"@type":"ListItem","position":2,"name":"Maidir leis na Gradaim","item":"https:\/\/www.medialiteracyireland.ie\/ga\/awards\/"},{"@type":"ListItem","position":3,"name":"Pain\u00e9al na Molt\u00f3ir\u00ed"}]},{"@type":"WebSite","@id":"https:\/\/www.medialiteracyireland.ie\/#website","url":"https:\/\/www.medialiteracyireland.ie\/","name":"Media Literacy Ireland","description":"An informal alliance working together to promote media literacy in Ireland.","potentialAction":[{"@type":"SearchAction","target":{"@type":"EntryPoint","urlTemplate":"https:\/\/www.medialiteracyireland.ie\/?s={search_term_string}"},"query-input":{"@type":"PropertyValueSpecification","valueRequired":true,"valueName":"search_term_string"}}],"inLanguage":"ga-IE"}]}},"_links":{"self":[{"href":"https:\/\/www.medialiteracyireland.ie\/ga\/wp-json\/wp\/v2\/pages\/1725","targetHints":{"allow":["GET"]}}],"collection":[{"href":"https:\/\/www.medialiteracyireland.ie\/ga\/wp-json\/wp\/v2\/pages"}],"about":[{"href":"https:\/\/www.medialiteracyireland.ie\/ga\/wp-json\/wp\/v2\/types\/page"}],"author":[{"embeddable":true,"href":"https:\/\/www.medialiteracyireland.ie\/ga\/wp-json\/wp\/v2\/users\/3"}],"replies":[{"embeddable":true,"href":"https:\/\/www.medialiteracyireland.ie\/ga\/wp-json\/wp\/v2\/comments?post=1725"}],"version-history":[{"count":15,"href":"https:\/\/www.medialiteracyireland.ie\/ga\/wp-json\/wp\/v2\/pages\/1725\/revisions"}],"predecessor-version":[{"id":7223,"href":"https:\/\/www.medialiteracyireland.ie\/ga\/wp-json\/wp\/v2\/pages\/1725\/revisions\/7223"}],"up":[{"embeddable":true,"href":"https:\/\/www.medialiteracyireland.ie\/ga\/wp-json\/wp\/v2\/pages\/1726"}],"wp:attachment":[{"href":"https:\/\/www.medialiteracyireland.ie\/ga\/wp-json\/wp\/v2\/media?parent=1725"}],"curies":[{"name":"wp","href":"https:\/\/api.w.org\/{rel}","templated":true}]}}